{"id":3540,"date":"2020-04-14T14:41:20","date_gmt":"2020-04-14T14:41:20","guid":{"rendered":"http:\/\/nowa.swmikolaj.org\/?page_id=3540"},"modified":"2020-06-13T12:31:59","modified_gmt":"2020-06-13T10:31:59","slug":"mikolaj","status":"publish","type":"page","link":"https:\/\/swmikolaj.org\/index.php\/mikolaj\/","title":{"rendered":"Czasopismo &#8222;Miko\u0142aj&#8221;"},"content":{"rendered":"\n<p>W latach 2012-2017 wydali\u015bmy w sumie <strong>25 numer\u00f3w czasopisma &#8222;Miko\u0142aj&#8221;<\/strong>. Ka\u017cdemu przy\u015bwieca\u0142 jaki\u015b temat przewodni:<\/p>\n\n\n\n<div class=\"wp-block-columns is-layout-flex wp-container-4 wp-block-columns-is-layout-flex\">\n<div class=\"wp-block-column is-layout-flow wp-block-column-is-layout-flow\">\n<figure class=\"wp-block-image size-large\"><a href=\"https:\/\/drive.google.com\/file\/d\/1wAQaTafeYrgtBGVdg5nPV8QdSfWzhxsa\/view?usp=sharing\" target=\"_blank\" rel=\"noopener noreferrer\"><img decoding=\"async\" loading=\"lazy\" width=\"745\" height=\"1024\" src=\"https:\/\/swmikolaj.org\/wp-content\/uploads\/2020\/06\/Mikolaj-nr-1.01-001-745x1024.jpg\" alt=\"\" class=\"wp-image-4608\" srcset=\"https:\/\/swmikolaj.org\/wp-content\/uploads\/2020\/06\/Mikolaj-nr-1.01-001-745x1024.jpg 745w, https:\/\/swmikolaj.org\/wp-content\/uploads\/2020\/06\/Mikolaj-nr-1.01-001-218x300.jpg 218w, https:\/\/swmikolaj.org\/wp-content\/uploads\/2020\/06\/Mikolaj-nr-1.01-001-768x1056.jpg 768w, https:\/\/swmikolaj.org\/wp-content\/uploads\/2020\/06\/Mikolaj-nr-1.01-001-1117x1536.jpg 1117w, https:\/\/swmikolaj.org\/wp-content\/uploads\/2020\/06\/Mikolaj-nr-1.01-001-1489x2048.jpg 1489w, https:\/\/swmikolaj.org\/wp-content\/uploads\/2020\/06\/Mikolaj-nr-1.01-001-676x930.jpg 676w, https:\/\/swmikolaj.org\/wp-content\/uploads\/2020\/06\/Mikolaj-nr-1.01-001.jpg 1700w\" sizes=\"(max-width: 745px) 100vw, 745px\" \/><\/a><figcaption>Nr 1 &#8211; maj 2012<br>Mi\u0142o\u015b\u0107 silniejsza ni\u017c \u015bmier\u0107<br><\/figcaption><\/figure>\n\n\n\n<figure class=\"wp-block-image size-large\"><a href=\"https:\/\/drive.google.com\/file\/d\/1hG5zFIGglR_e5RQfT0ws47A4-U9TRG3x\/view?usp=sharing\" target=\"_blank\" rel=\"noopener noreferrer\"><img decoding=\"async\" loading=\"lazy\" width=\"745\" height=\"1024\" src=\"https:\/\/swmikolaj.org\/wp-content\/uploads\/2020\/06\/Mikolaj-nr-4.01-001-745x1024.jpg\" alt=\"\" class=\"wp-image-4614\" srcset=\"https:\/\/swmikolaj.org\/wp-content\/uploads\/2020\/06\/Mikolaj-nr-4.01-001-745x1024.jpg 745w, https:\/\/swmikolaj.org\/wp-content\/uploads\/2020\/06\/Mikolaj-nr-4.01-001-218x300.jpg 218w, https:\/\/swmikolaj.org\/wp-content\/uploads\/2020\/06\/Mikolaj-nr-4.01-001-768x1056.jpg 768w, https:\/\/swmikolaj.org\/wp-content\/uploads\/2020\/06\/Mikolaj-nr-4.01-001-1117x1536.jpg 1117w, https:\/\/swmikolaj.org\/wp-content\/uploads\/2020\/06\/Mikolaj-nr-4.01-001-1489x2048.jpg 1489w, https:\/\/swmikolaj.org\/wp-content\/uploads\/2020\/06\/Mikolaj-nr-4.01-001-676x930.jpg 676w, https:\/\/swmikolaj.org\/wp-content\/uploads\/2020\/06\/Mikolaj-nr-4.01-001.jpg 1700w\" sizes=\"(max-width: 745px) 100vw, 745px\" \/><\/a><figcaption>Nr 4 &#8211; listopad 2012  <br>O pasjach i pasjonatach<\/figcaption><\/figure>\n\n\n\n<figure class=\"wp-block-image size-large\"><a href=\"https:\/\/drive.google.com\/file\/d\/1Pguq7qGEPp88aGLddV4h7k4t6CqHnbTA\/view?usp=sharing\" target=\"_blank\" rel=\"noopener noreferrer\"><img decoding=\"async\" loading=\"lazy\" width=\"745\" height=\"1024\" src=\"https:\/\/swmikolaj.org\/wp-content\/uploads\/2020\/06\/Miko\u0142aj-nr-7.01-001-745x1024.jpg\" alt=\"\" class=\"wp-image-4620\" srcset=\"https:\/\/swmikolaj.org\/wp-content\/uploads\/2020\/06\/Miko\u0142aj-nr-7.01-001-745x1024.jpg 745w, https:\/\/swmikolaj.org\/wp-content\/uploads\/2020\/06\/Miko\u0142aj-nr-7.01-001-218x300.jpg 218w, https:\/\/swmikolaj.org\/wp-content\/uploads\/2020\/06\/Miko\u0142aj-nr-7.01-001-768x1056.jpg 768w, https:\/\/swmikolaj.org\/wp-content\/uploads\/2020\/06\/Miko\u0142aj-nr-7.01-001-1117x1536.jpg 1117w, https:\/\/swmikolaj.org\/wp-content\/uploads\/2020\/06\/Miko\u0142aj-nr-7.01-001-1489x2048.jpg 1489w, https:\/\/swmikolaj.org\/wp-content\/uploads\/2020\/06\/Miko\u0142aj-nr-7.01-001-676x930.jpg 676w, https:\/\/swmikolaj.org\/wp-content\/uploads\/2020\/06\/Miko\u0142aj-nr-7.01-001.jpg 1700w\" sizes=\"(max-width: 745px) 100vw, 745px\" \/><\/a><figcaption><em>Nr 7 &#8211; kwiecie\u0144 2013<\/em><br><em>\u017by\u0107 w pe\u0142ni<\/em><\/figcaption><\/figure>\n\n\n\n<figure class=\"wp-block-image size-large\"><a href=\"https:\/\/drive.google.com\/file\/d\/1rdNEmOs3auF79b0detpj4GhyA4lStKog\/view?usp=sharing\" target=\"_blank\" rel=\"noopener noreferrer\"><img decoding=\"async\" loading=\"lazy\" width=\"745\" height=\"1024\" src=\"https:\/\/swmikolaj.org\/wp-content\/uploads\/2020\/06\/Miko\u0142aj-nr-10.01-001-745x1024.jpg\" alt=\"\" class=\"wp-image-4625\" srcset=\"https:\/\/swmikolaj.org\/wp-content\/uploads\/2020\/06\/Miko\u0142aj-nr-10.01-001-745x1024.jpg 745w, https:\/\/swmikolaj.org\/wp-content\/uploads\/2020\/06\/Miko\u0142aj-nr-10.01-001-218x300.jpg 218w, https:\/\/swmikolaj.org\/wp-content\/uploads\/2020\/06\/Miko\u0142aj-nr-10.01-001-768x1056.jpg 768w, https:\/\/swmikolaj.org\/wp-content\/uploads\/2020\/06\/Miko\u0142aj-nr-10.01-001-1117x1536.jpg 1117w, https:\/\/swmikolaj.org\/wp-content\/uploads\/2020\/06\/Miko\u0142aj-nr-10.01-001-1489x2048.jpg 1489w, https:\/\/swmikolaj.org\/wp-content\/uploads\/2020\/06\/Miko\u0142aj-nr-10.01-001-676x930.jpg 676w, https:\/\/swmikolaj.org\/wp-content\/uploads\/2020\/06\/Miko\u0142aj-nr-10.01-001.jpg 1700w\" sizes=\"(max-width: 745px) 100vw, 745px\" \/><\/a><figcaption>Nr 10 &#8211; listopad 2013  Misyjno\u015b\u0107<\/figcaption><\/figure>\n\n\n\n<figure class=\"wp-block-image size-large\"><a href=\"https:\/\/drive.google.com\/file\/d\/1azaIwyIYxAIsR1VxvlUM8O1PTIIqisdy\/view?usp=sharing\" target=\"_blank\" rel=\"noopener noreferrer\"><img decoding=\"async\" loading=\"lazy\" width=\"745\" height=\"1024\" src=\"https:\/\/swmikolaj.org\/wp-content\/uploads\/2020\/06\/Miko\u0142aj-nr-13.01-001-745x1024.jpg\" alt=\"\" class=\"wp-image-4630\" srcset=\"https:\/\/swmikolaj.org\/wp-content\/uploads\/2020\/06\/Miko\u0142aj-nr-13.01-001-745x1024.jpg 745w, https:\/\/swmikolaj.org\/wp-content\/uploads\/2020\/06\/Miko\u0142aj-nr-13.01-001-218x300.jpg 218w, https:\/\/swmikolaj.org\/wp-content\/uploads\/2020\/06\/Miko\u0142aj-nr-13.01-001-768x1056.jpg 768w, https:\/\/swmikolaj.org\/wp-content\/uploads\/2020\/06\/Miko\u0142aj-nr-13.01-001-1117x1536.jpg 1117w, https:\/\/swmikolaj.org\/wp-content\/uploads\/2020\/06\/Miko\u0142aj-nr-13.01-001-1489x2048.jpg 1489w, https:\/\/swmikolaj.org\/wp-content\/uploads\/2020\/06\/Miko\u0142aj-nr-13.01-001-676x930.jpg 676w, https:\/\/swmikolaj.org\/wp-content\/uploads\/2020\/06\/Miko\u0142aj-nr-13.01-001.jpg 1700w\" sizes=\"(max-width: 745px) 100vw, 745px\" \/><\/a><figcaption>Nr 13 &#8211; kwiecie\u0144 2014 Mi\u0142osierdzie<\/figcaption><\/figure>\n\n\n\n<figure class=\"wp-block-image size-large\"><a href=\"https:\/\/drive.google.com\/file\/d\/1PEC5Szz_625Q-llAbkQAUi9pHMeDMfLO\/view?usp=sharing\" target=\"_blank\" rel=\"noopener noreferrer\"><img decoding=\"async\" loading=\"lazy\" width=\"745\" height=\"1024\" src=\"https:\/\/swmikolaj.org\/wp-content\/uploads\/2020\/06\/Miko\u0142aj-nr-16.01-001-745x1024.jpg\" alt=\"\" class=\"wp-image-4636\" srcset=\"https:\/\/swmikolaj.org\/wp-content\/uploads\/2020\/06\/Miko\u0142aj-nr-16.01-001-745x1024.jpg 745w, https:\/\/swmikolaj.org\/wp-content\/uploads\/2020\/06\/Miko\u0142aj-nr-16.01-001-218x300.jpg 218w, https:\/\/swmikolaj.org\/wp-content\/uploads\/2020\/06\/Miko\u0142aj-nr-16.01-001-768x1056.jpg 768w, https:\/\/swmikolaj.org\/wp-content\/uploads\/2020\/06\/Miko\u0142aj-nr-16.01-001-1117x1536.jpg 1117w, https:\/\/swmikolaj.org\/wp-content\/uploads\/2020\/06\/Miko\u0142aj-nr-16.01-001-1489x2048.jpg 1489w, https:\/\/swmikolaj.org\/wp-content\/uploads\/2020\/06\/Miko\u0142aj-nr-16.01-001-676x930.jpg 676w, https:\/\/swmikolaj.org\/wp-content\/uploads\/2020\/06\/Miko\u0142aj-nr-16.01-001.jpg 1700w\" sizes=\"(max-width: 745px) 100vw, 745px\" \/><\/a><figcaption>Nr 16 &#8211; grudzie\u0144 2014  Marzenia o Ko\u015bciele<\/figcaption><\/figure>\n\n\n\n<figure class=\"wp-block-image size-large\"><a href=\"https:\/\/drive.google.com\/file\/d\/1rGbOEoOvBCmSHvI9nU_3Tj8hto0Ln0kz\/view?usp=sharing\" target=\"_blank\" rel=\"noopener noreferrer\"><img decoding=\"async\" loading=\"lazy\" width=\"745\" height=\"1024\" src=\"https:\/\/swmikolaj.org\/wp-content\/uploads\/2020\/06\/Miko\u0142aj-nr-19.01-001-745x1024.jpg\" alt=\"\" class=\"wp-image-4642\" srcset=\"https:\/\/swmikolaj.org\/wp-content\/uploads\/2020\/06\/Miko\u0142aj-nr-19.01-001-745x1024.jpg 745w, https:\/\/swmikolaj.org\/wp-content\/uploads\/2020\/06\/Miko\u0142aj-nr-19.01-001-218x300.jpg 218w, https:\/\/swmikolaj.org\/wp-content\/uploads\/2020\/06\/Miko\u0142aj-nr-19.01-001-768x1056.jpg 768w, https:\/\/swmikolaj.org\/wp-content\/uploads\/2020\/06\/Miko\u0142aj-nr-19.01-001-1117x1536.jpg 1117w, https:\/\/swmikolaj.org\/wp-content\/uploads\/2020\/06\/Miko\u0142aj-nr-19.01-001-1489x2048.jpg 1489w, https:\/\/swmikolaj.org\/wp-content\/uploads\/2020\/06\/Miko\u0142aj-nr-19.01-001-676x930.jpg 676w, https:\/\/swmikolaj.org\/wp-content\/uploads\/2020\/06\/Miko\u0142aj-nr-19.01-001.jpg 1700w\" sizes=\"(max-width: 745px) 100vw, 745px\" \/><\/a><figcaption>Nr 19 &#8211; sierpie\u0144 2015<br>Pokora<\/figcaption><\/figure>\n\n\n\n<figure class=\"wp-block-image size-large\"><a href=\"https:\/\/drive.google.com\/file\/d\/1QHpuEjH6YC16b-9QLwesFM_UbbB1RpVl\/view?usp=sharing\" target=\"_blank\" rel=\"noopener noreferrer\"><img decoding=\"async\" loading=\"lazy\" width=\"745\" height=\"1024\" src=\"https:\/\/swmikolaj.org\/wp-content\/uploads\/2020\/06\/Miko\u0142aj-nr-22.01-001-745x1024.jpg\" alt=\"\" class=\"wp-image-4649\" srcset=\"https:\/\/swmikolaj.org\/wp-content\/uploads\/2020\/06\/Miko\u0142aj-nr-22.01-001-745x1024.jpg 745w, https:\/\/swmikolaj.org\/wp-content\/uploads\/2020\/06\/Miko\u0142aj-nr-22.01-001-218x300.jpg 218w, https:\/\/swmikolaj.org\/wp-content\/uploads\/2020\/06\/Miko\u0142aj-nr-22.01-001-768x1056.jpg 768w, https:\/\/swmikolaj.org\/wp-content\/uploads\/2020\/06\/Miko\u0142aj-nr-22.01-001-1117x1536.jpg 1117w, https:\/\/swmikolaj.org\/wp-content\/uploads\/2020\/06\/Miko\u0142aj-nr-22.01-001-1489x2048.jpg 1489w, https:\/\/swmikolaj.org\/wp-content\/uploads\/2020\/06\/Miko\u0142aj-nr-22.01-001-676x930.jpg 676w, https:\/\/swmikolaj.org\/wp-content\/uploads\/2020\/06\/Miko\u0142aj-nr-22.01-001.jpg 1700w\" sizes=\"(max-width: 745px) 100vw, 745px\" \/><\/a><figcaption>Nr 22 &#8211; marzec 2016<br>Miejsce dzieci w Ko\u015bciele<\/figcaption><\/figure>\n\n\n\n<figure class=\"wp-block-image size-large\"><a href=\"https:\/\/drive.google.com\/file\/d\/1iZQlhO064tcukx58VU3NTTLUfRy-ZCQg\/view?usp=sharing\" target=\"_blank\" rel=\"noopener noreferrer\"><img decoding=\"async\" loading=\"lazy\" width=\"745\" height=\"1024\" src=\"https:\/\/swmikolaj.org\/wp-content\/uploads\/2020\/04\/Miko\u0142aj-25.1-001-745x1024.jpg\" alt=\"\" class=\"wp-image-3797\" srcset=\"https:\/\/swmikolaj.org\/wp-content\/uploads\/2020\/04\/Miko\u0142aj-25.1-001-745x1024.jpg 745w, https:\/\/swmikolaj.org\/wp-content\/uploads\/2020\/04\/Miko\u0142aj-25.1-001-218x300.jpg 218w, https:\/\/swmikolaj.org\/wp-content\/uploads\/2020\/04\/Miko\u0142aj-25.1-001-768x1056.jpg 768w, https:\/\/swmikolaj.org\/wp-content\/uploads\/2020\/04\/Miko\u0142aj-25.1-001-1117x1536.jpg 1117w, https:\/\/swmikolaj.org\/wp-content\/uploads\/2020\/04\/Miko\u0142aj-25.1-001-1489x2048.jpg 1489w, https:\/\/swmikolaj.org\/wp-content\/uploads\/2020\/04\/Miko\u0142aj-25.1-001-676x930.jpg 676w, https:\/\/swmikolaj.org\/wp-content\/uploads\/2020\/04\/Miko\u0142aj-25.1-001-scaled.jpg 1861w\" sizes=\"(max-width: 745px) 100vw, 745px\" \/><\/a><figcaption>Nr 25 &#8211; marzec 2017<br>Parafia z r\u00f3\u017cnych perspektyw<\/figcaption><\/figure>\n<\/div>\n\n\n\n<div class=\"wp-block-column is-layout-flow wp-block-column-is-layout-flow\">\n<figure class=\"wp-block-image size-large\"><a href=\"https:\/\/drive.google.com\/file\/d\/1O0Eu8B7e7JNw0JBwA59Y2IJwAwFzBPSV\/view?usp=sharing\" target=\"_blank\" rel=\"noopener noreferrer\"><img decoding=\"async\" loading=\"lazy\" width=\"745\" height=\"1024\" src=\"https:\/\/swmikolaj.org\/wp-content\/uploads\/2020\/04\/Mikolaj-nr-2.01-001-745x1024.jpg\" alt=\"\" class=\"wp-image-3792\" srcset=\"https:\/\/swmikolaj.org\/wp-content\/uploads\/2020\/04\/Mikolaj-nr-2.01-001-745x1024.jpg 745w, https:\/\/swmikolaj.org\/wp-content\/uploads\/2020\/04\/Mikolaj-nr-2.01-001-218x300.jpg 218w, https:\/\/swmikolaj.org\/wp-content\/uploads\/2020\/04\/Mikolaj-nr-2.01-001-768x1056.jpg 768w, https:\/\/swmikolaj.org\/wp-content\/uploads\/2020\/04\/Mikolaj-nr-2.01-001-1117x1536.jpg 1117w, https:\/\/swmikolaj.org\/wp-content\/uploads\/2020\/04\/Mikolaj-nr-2.01-001-1489x2048.jpg 1489w, https:\/\/swmikolaj.org\/wp-content\/uploads\/2020\/04\/Mikolaj-nr-2.01-001-676x930.jpg 676w, https:\/\/swmikolaj.org\/wp-content\/uploads\/2020\/04\/Mikolaj-nr-2.01-001.jpg 1700w\" sizes=\"(max-width: 745px) 100vw, 745px\" \/><\/a><figcaption>Nr 2 &#8211; czerwiec 2012  Parafialna codzienno\u015b\u0107<\/figcaption><\/figure>\n\n\n\n<figure class=\"wp-block-image size-large\"><a href=\"https:\/\/drive.google.com\/file\/d\/1p94_VMm3T55Q8hTXaawkwK7CuIXjT53q\/view?usp=sharing\" target=\"_blank\" rel=\"noopener noreferrer\"><img decoding=\"async\" loading=\"lazy\" width=\"745\" height=\"1024\" src=\"https:\/\/swmikolaj.org\/wp-content\/uploads\/2020\/06\/Mikolaj-nr-5.01-001-745x1024.jpg\" alt=\"\" class=\"wp-image-4616\" srcset=\"https:\/\/swmikolaj.org\/wp-content\/uploads\/2020\/06\/Mikolaj-nr-5.01-001-745x1024.jpg 745w, https:\/\/swmikolaj.org\/wp-content\/uploads\/2020\/06\/Mikolaj-nr-5.01-001-218x300.jpg 218w, https:\/\/swmikolaj.org\/wp-content\/uploads\/2020\/06\/Mikolaj-nr-5.01-001-768x1056.jpg 768w, https:\/\/swmikolaj.org\/wp-content\/uploads\/2020\/06\/Mikolaj-nr-5.01-001-1117x1536.jpg 1117w, https:\/\/swmikolaj.org\/wp-content\/uploads\/2020\/06\/Mikolaj-nr-5.01-001-1489x2048.jpg 1489w, https:\/\/swmikolaj.org\/wp-content\/uploads\/2020\/06\/Mikolaj-nr-5.01-001-676x930.jpg 676w, https:\/\/swmikolaj.org\/wp-content\/uploads\/2020\/06\/Mikolaj-nr-5.01-001.jpg 1700w\" sizes=\"(max-width: 745px) 100vw, 745px\" \/><\/a><figcaption>Nr 5 &#8211; grudzie\u0144 2012 Marzenia-pragnienia<\/figcaption><\/figure>\n\n\n\n<figure class=\"wp-block-image size-large\"><a href=\"https:\/\/drive.google.com\/file\/d\/1M0NNnpLw1p738apDv6BLzXC_uzTROZIG\/view?usp=sharing\" target=\"_blank\" rel=\"noopener noreferrer\"><img decoding=\"async\" loading=\"lazy\" width=\"745\" height=\"1024\" src=\"https:\/\/swmikolaj.org\/wp-content\/uploads\/2020\/06\/Miko\u0142aj-nr-8.01-001-745x1024.jpg\" alt=\"\" class=\"wp-image-4622\" srcset=\"https:\/\/swmikolaj.org\/wp-content\/uploads\/2020\/06\/Miko\u0142aj-nr-8.01-001-745x1024.jpg 745w, https:\/\/swmikolaj.org\/wp-content\/uploads\/2020\/06\/Miko\u0142aj-nr-8.01-001-218x300.jpg 218w, https:\/\/swmikolaj.org\/wp-content\/uploads\/2020\/06\/Miko\u0142aj-nr-8.01-001-768x1056.jpg 768w, https:\/\/swmikolaj.org\/wp-content\/uploads\/2020\/06\/Miko\u0142aj-nr-8.01-001-1117x1536.jpg 1117w, https:\/\/swmikolaj.org\/wp-content\/uploads\/2020\/06\/Miko\u0142aj-nr-8.01-001-1489x2048.jpg 1489w, https:\/\/swmikolaj.org\/wp-content\/uploads\/2020\/06\/Miko\u0142aj-nr-8.01-001-676x930.jpg 676w, https:\/\/swmikolaj.org\/wp-content\/uploads\/2020\/06\/Miko\u0142aj-nr-8.01-001.jpg 1700w\" sizes=\"(max-width: 745px) 100vw, 745px\" \/><\/a><figcaption><em>Nr 8 &#8211; czerwiec 2013<\/em><br><em>Relacje-wsp\u00f3lnota<\/em><\/figcaption><\/figure>\n\n\n\n<figure class=\"wp-block-image size-large\"><a href=\"https:\/\/drive.google.com\/file\/d\/1DI8vuGI1V6Djj2MBSOs9dC0pRCIWLJF8\/view?usp=sharing\" target=\"_blank\" rel=\"noopener noreferrer\"><img decoding=\"async\" loading=\"lazy\" width=\"745\" height=\"1024\" src=\"https:\/\/swmikolaj.org\/wp-content\/uploads\/2020\/06\/Miko\u0142aj-nr-11.01-001-745x1024.jpg\" alt=\"\" class=\"wp-image-4627\" srcset=\"https:\/\/swmikolaj.org\/wp-content\/uploads\/2020\/06\/Miko\u0142aj-nr-11.01-001-745x1024.jpg 745w, https:\/\/swmikolaj.org\/wp-content\/uploads\/2020\/06\/Miko\u0142aj-nr-11.01-001-218x300.jpg 218w, https:\/\/swmikolaj.org\/wp-content\/uploads\/2020\/06\/Miko\u0142aj-nr-11.01-001-768x1056.jpg 768w, https:\/\/swmikolaj.org\/wp-content\/uploads\/2020\/06\/Miko\u0142aj-nr-11.01-001-1117x1536.jpg 1117w, https:\/\/swmikolaj.org\/wp-content\/uploads\/2020\/06\/Miko\u0142aj-nr-11.01-001-1489x2048.jpg 1489w, https:\/\/swmikolaj.org\/wp-content\/uploads\/2020\/06\/Miko\u0142aj-nr-11.01-001-676x930.jpg 676w, https:\/\/swmikolaj.org\/wp-content\/uploads\/2020\/06\/Miko\u0142aj-nr-11.01-001.jpg 1700w\" sizes=\"(max-width: 745px) 100vw, 745px\" \/><\/a><figcaption>Nr 11 &#8211; grudzie\u0144 2013  <br>Rado\u015b\u0107<\/figcaption><\/figure>\n\n\n\n<figure class=\"wp-block-image size-large\"><a href=\"https:\/\/drive.google.com\/file\/d\/19zCn4P1GOzORQnJQle7HG14ECN9-k2ag\/view?usp=sharing\" target=\"_blank\" rel=\"noopener noreferrer\"><img decoding=\"async\" loading=\"lazy\" width=\"745\" height=\"1024\" src=\"https:\/\/swmikolaj.org\/wp-content\/uploads\/2020\/06\/Miko\u0142aj-nr-14.01-001-745x1024.jpg\" alt=\"\" class=\"wp-image-4632\" srcset=\"https:\/\/swmikolaj.org\/wp-content\/uploads\/2020\/06\/Miko\u0142aj-nr-14.01-001-745x1024.jpg 745w, https:\/\/swmikolaj.org\/wp-content\/uploads\/2020\/06\/Miko\u0142aj-nr-14.01-001-218x300.jpg 218w, https:\/\/swmikolaj.org\/wp-content\/uploads\/2020\/06\/Miko\u0142aj-nr-14.01-001-768x1056.jpg 768w, https:\/\/swmikolaj.org\/wp-content\/uploads\/2020\/06\/Miko\u0142aj-nr-14.01-001-1117x1536.jpg 1117w, https:\/\/swmikolaj.org\/wp-content\/uploads\/2020\/06\/Miko\u0142aj-nr-14.01-001-1489x2048.jpg 1489w, https:\/\/swmikolaj.org\/wp-content\/uploads\/2020\/06\/Miko\u0142aj-nr-14.01-001-676x930.jpg 676w, https:\/\/swmikolaj.org\/wp-content\/uploads\/2020\/06\/Miko\u0142aj-nr-14.01-001.jpg 1700w\" sizes=\"(max-width: 745px) 100vw, 745px\" \/><\/a><figcaption>Nr 14 &#8211; czerwiec 2014<br>Duch m\u0119stwa<\/figcaption><\/figure>\n\n\n\n<figure class=\"wp-block-image size-large\"><a href=\"https:\/\/drive.google.com\/file\/d\/1eHZlvt2JFlrhMEie15XGIcztIayhGhsc\/view?usp=sharing\" target=\"_blank\" rel=\"noopener noreferrer\"><img decoding=\"async\" loading=\"lazy\" width=\"745\" height=\"1024\" src=\"https:\/\/swmikolaj.org\/wp-content\/uploads\/2020\/06\/Mikolaj-nr-17.01-001-745x1024.jpg\" alt=\"\" class=\"wp-image-4638\" srcset=\"https:\/\/swmikolaj.org\/wp-content\/uploads\/2020\/06\/Mikolaj-nr-17.01-001-745x1024.jpg 745w, https:\/\/swmikolaj.org\/wp-content\/uploads\/2020\/06\/Mikolaj-nr-17.01-001-218x300.jpg 218w, https:\/\/swmikolaj.org\/wp-content\/uploads\/2020\/06\/Mikolaj-nr-17.01-001-768x1056.jpg 768w, https:\/\/swmikolaj.org\/wp-content\/uploads\/2020\/06\/Mikolaj-nr-17.01-001-1117x1536.jpg 1117w, https:\/\/swmikolaj.org\/wp-content\/uploads\/2020\/06\/Mikolaj-nr-17.01-001-1489x2048.jpg 1489w, https:\/\/swmikolaj.org\/wp-content\/uploads\/2020\/06\/Mikolaj-nr-17.01-001-676x930.jpg 676w, https:\/\/swmikolaj.org\/wp-content\/uploads\/2020\/06\/Mikolaj-nr-17.01-001.jpg 1700w\" sizes=\"(max-width: 745px) 100vw, 745px\" \/><\/a><figcaption>Nr 17 &#8211; luty 2015<br>Rok \u0142aski w Chyloni<\/figcaption><\/figure>\n\n\n\n<figure class=\"wp-block-image size-large\"><a href=\"https:\/\/drive.google.com\/file\/d\/1Qx-zcuNzI7r1OCEY75J7LYcR_H2_-QDL\/view?usp=sharing\" target=\"_blank\" rel=\"noopener noreferrer\"><img decoding=\"async\" loading=\"lazy\" width=\"745\" height=\"1024\" src=\"https:\/\/swmikolaj.org\/wp-content\/uploads\/2020\/06\/Miko\u0142aj-nr-20.01-001-745x1024.jpg\" alt=\"\" class=\"wp-image-4645\" srcset=\"https:\/\/swmikolaj.org\/wp-content\/uploads\/2020\/06\/Miko\u0142aj-nr-20.01-001-745x1024.jpg 745w, https:\/\/swmikolaj.org\/wp-content\/uploads\/2020\/06\/Miko\u0142aj-nr-20.01-001-218x300.jpg 218w, https:\/\/swmikolaj.org\/wp-content\/uploads\/2020\/06\/Miko\u0142aj-nr-20.01-001-768x1056.jpg 768w, https:\/\/swmikolaj.org\/wp-content\/uploads\/2020\/06\/Miko\u0142aj-nr-20.01-001-1117x1536.jpg 1117w, https:\/\/swmikolaj.org\/wp-content\/uploads\/2020\/06\/Miko\u0142aj-nr-20.01-001-1489x2048.jpg 1489w, https:\/\/swmikolaj.org\/wp-content\/uploads\/2020\/06\/Miko\u0142aj-nr-20.01-001-676x930.jpg 676w, https:\/\/swmikolaj.org\/wp-content\/uploads\/2020\/06\/Miko\u0142aj-nr-20.01-001.jpg 1700w\" sizes=\"(max-width: 745px) 100vw, 745px\" \/><\/a><figcaption>Nr 20 pa\u017adziernik 2015 <br>Pierwsze jest pierwsze<\/figcaption><\/figure>\n\n\n\n<figure class=\"wp-block-image size-large\"><a href=\"https:\/\/drive.google.com\/file\/d\/1vX7nBkrTwyyReyAqh-_-Z6RhoGfP5jXB\/view?usp=sharing\" target=\"_blank\" rel=\"noopener noreferrer\"><img decoding=\"async\" loading=\"lazy\" width=\"745\" height=\"1024\" src=\"https:\/\/swmikolaj.org\/wp-content\/uploads\/2020\/04\/Mikolaj-nr-23.01-001-745x1024.jpg\" alt=\"\" class=\"wp-image-3795\" srcset=\"https:\/\/swmikolaj.org\/wp-content\/uploads\/2020\/04\/Mikolaj-nr-23.01-001-745x1024.jpg 745w, https:\/\/swmikolaj.org\/wp-content\/uploads\/2020\/04\/Mikolaj-nr-23.01-001-218x300.jpg 218w, https:\/\/swmikolaj.org\/wp-content\/uploads\/2020\/04\/Mikolaj-nr-23.01-001-768x1056.jpg 768w, https:\/\/swmikolaj.org\/wp-content\/uploads\/2020\/04\/Mikolaj-nr-23.01-001-1117x1536.jpg 1117w, https:\/\/swmikolaj.org\/wp-content\/uploads\/2020\/04\/Mikolaj-nr-23.01-001-1489x2048.jpg 1489w, https:\/\/swmikolaj.org\/wp-content\/uploads\/2020\/04\/Mikolaj-nr-23.01-001-676x930.jpg 676w, https:\/\/swmikolaj.org\/wp-content\/uploads\/2020\/04\/Mikolaj-nr-23.01-001.jpg 1700w\" sizes=\"(max-width: 745px) 100vw, 745px\" \/><\/a><figcaption>Nr 23 &#8211; czerwiec 2016 <br>\u017bywio\u0142y<\/figcaption><\/figure>\n<\/div>\n\n\n\n<div class=\"wp-block-column is-layout-flow wp-block-column-is-layout-flow\">\n<figure class=\"wp-block-image size-large\"><a href=\"https:\/\/drive.google.com\/file\/d\/1dqVnCVCkjf1dszP0-cbjfPuCVpzGN4YJ\/view?usp=sharing\" target=\"_blank\" rel=\"noopener noreferrer\"><img decoding=\"async\" loading=\"lazy\" width=\"745\" height=\"1024\" src=\"https:\/\/swmikolaj.org\/wp-content\/uploads\/2020\/06\/Mikolaj-nr-3.01-001-745x1024.jpg\" alt=\"\" class=\"wp-image-4612\" srcset=\"https:\/\/swmikolaj.org\/wp-content\/uploads\/2020\/06\/Mikolaj-nr-3.01-001-745x1024.jpg 745w, https:\/\/swmikolaj.org\/wp-content\/uploads\/2020\/06\/Mikolaj-nr-3.01-001-218x300.jpg 218w, https:\/\/swmikolaj.org\/wp-content\/uploads\/2020\/06\/Mikolaj-nr-3.01-001-768x1056.jpg 768w, https:\/\/swmikolaj.org\/wp-content\/uploads\/2020\/06\/Mikolaj-nr-3.01-001-1117x1536.jpg 1117w, https:\/\/swmikolaj.org\/wp-content\/uploads\/2020\/06\/Mikolaj-nr-3.01-001-1489x2048.jpg 1489w, https:\/\/swmikolaj.org\/wp-content\/uploads\/2020\/06\/Mikolaj-nr-3.01-001-676x930.jpg 676w, https:\/\/swmikolaj.org\/wp-content\/uploads\/2020\/06\/Mikolaj-nr-3.01-001.jpg 1700w\" sizes=\"(max-width: 745px) 100vw, 745px\" \/><\/a><figcaption>Nr 3 &#8211; wrzesie\u0144 2012 Odpoczynek<\/figcaption><\/figure>\n\n\n\n<figure class=\"wp-block-image size-large\"><a href=\"https:\/\/drive.google.com\/file\/d\/1fUMMuDQSy1nz8TRpFobTZ1JMBSX-mKMJ\/view?usp=sharing\" target=\"_blank\" rel=\"noopener noreferrer\"><img decoding=\"async\" loading=\"lazy\" width=\"745\" height=\"1024\" src=\"https:\/\/swmikolaj.org\/wp-content\/uploads\/2020\/06\/Mikolaj-nr-6.01-001-745x1024.jpg\" alt=\"\" class=\"wp-image-4618\" srcset=\"https:\/\/swmikolaj.org\/wp-content\/uploads\/2020\/06\/Mikolaj-nr-6.01-001-745x1024.jpg 745w, https:\/\/swmikolaj.org\/wp-content\/uploads\/2020\/06\/Mikolaj-nr-6.01-001-218x300.jpg 218w, https:\/\/swmikolaj.org\/wp-content\/uploads\/2020\/06\/Mikolaj-nr-6.01-001-768x1056.jpg 768w, https:\/\/swmikolaj.org\/wp-content\/uploads\/2020\/06\/Mikolaj-nr-6.01-001-1117x1536.jpg 1117w, https:\/\/swmikolaj.org\/wp-content\/uploads\/2020\/06\/Mikolaj-nr-6.01-001-1489x2048.jpg 1489w, https:\/\/swmikolaj.org\/wp-content\/uploads\/2020\/06\/Mikolaj-nr-6.01-001-676x930.jpg 676w, https:\/\/swmikolaj.org\/wp-content\/uploads\/2020\/06\/Mikolaj-nr-6.01-001.jpg 1700w\" sizes=\"(max-width: 745px) 100vw, 745px\" \/><\/a><figcaption>Nr 6 &#8211; luty 2013 <br>Mi\u0142o\u015b\u0107 nigdy nie ustaje<\/figcaption><\/figure>\n\n\n\n<figure class=\"wp-block-image size-large\"><a href=\"https:\/\/drive.google.com\/file\/d\/19YsGC53JJe9PwaFtagVhIXXEi0unQPnP\/view?usp=sharing\" target=\"_blank\" rel=\"noopener noreferrer\"><img decoding=\"async\" loading=\"lazy\" width=\"745\" height=\"1024\" src=\"https:\/\/swmikolaj.org\/wp-content\/uploads\/2020\/06\/Mikolaj-nr-4.01-001-1-745x1024.jpg\" alt=\"\" class=\"wp-image-4623\" srcset=\"https:\/\/swmikolaj.org\/wp-content\/uploads\/2020\/06\/Mikolaj-nr-4.01-001-1-745x1024.jpg 745w, https:\/\/swmikolaj.org\/wp-content\/uploads\/2020\/06\/Mikolaj-nr-4.01-001-1-218x300.jpg 218w, https:\/\/swmikolaj.org\/wp-content\/uploads\/2020\/06\/Mikolaj-nr-4.01-001-1-768x1056.jpg 768w, https:\/\/swmikolaj.org\/wp-content\/uploads\/2020\/06\/Mikolaj-nr-4.01-001-1-1117x1536.jpg 1117w, https:\/\/swmikolaj.org\/wp-content\/uploads\/2020\/06\/Mikolaj-nr-4.01-001-1-1489x2048.jpg 1489w, https:\/\/swmikolaj.org\/wp-content\/uploads\/2020\/06\/Mikolaj-nr-4.01-001-1-676x930.jpg 676w, https:\/\/swmikolaj.org\/wp-content\/uploads\/2020\/06\/Mikolaj-nr-4.01-001-1.jpg 1700w\" sizes=\"(max-width: 745px) 100vw, 745px\" \/><\/a><figcaption>Nr 9 &#8211; wrze\/pa\u017a 2013<br> Jedno\u015b\u0107 <\/figcaption><\/figure>\n\n\n\n<figure class=\"wp-block-image size-large\"><a href=\"https:\/\/drive.google.com\/file\/d\/1xRFrxf5aenSzrh2cN5-Cmjr6_T3QG800\/view?usp=sharing\" target=\"_blank\" rel=\"noopener noreferrer\"><img decoding=\"async\" loading=\"lazy\" width=\"745\" height=\"1024\" src=\"https:\/\/swmikolaj.org\/wp-content\/uploads\/2020\/06\/Miko\u0142aj-nr-12.01-001-745x1024.jpg\" alt=\"\" class=\"wp-image-4628\" srcset=\"https:\/\/swmikolaj.org\/wp-content\/uploads\/2020\/06\/Miko\u0142aj-nr-12.01-001-745x1024.jpg 745w, https:\/\/swmikolaj.org\/wp-content\/uploads\/2020\/06\/Miko\u0142aj-nr-12.01-001-218x300.jpg 218w, https:\/\/swmikolaj.org\/wp-content\/uploads\/2020\/06\/Miko\u0142aj-nr-12.01-001-768x1056.jpg 768w, https:\/\/swmikolaj.org\/wp-content\/uploads\/2020\/06\/Miko\u0142aj-nr-12.01-001-1117x1536.jpg 1117w, https:\/\/swmikolaj.org\/wp-content\/uploads\/2020\/06\/Miko\u0142aj-nr-12.01-001-1489x2048.jpg 1489w, https:\/\/swmikolaj.org\/wp-content\/uploads\/2020\/06\/Miko\u0142aj-nr-12.01-001-676x930.jpg 676w, https:\/\/swmikolaj.org\/wp-content\/uploads\/2020\/06\/Miko\u0142aj-nr-12.01-001.jpg 1700w\" sizes=\"(max-width: 745px) 100vw, 745px\" \/><\/a><figcaption>Nr 12 &#8211; luty 2014 <br>Blaski i cienie<\/figcaption><\/figure>\n\n\n\n<figure class=\"wp-block-image size-large\"><a href=\"https:\/\/drive.google.com\/file\/d\/1IkqyXd_RiqGkhzfRDTtu98w_3oNglNJd\/view?usp=sharing\" target=\"_blank\" rel=\"noopener noreferrer\"><img decoding=\"async\" loading=\"lazy\" width=\"745\" height=\"1024\" src=\"https:\/\/swmikolaj.org\/wp-content\/uploads\/2020\/06\/Miko\u0142aj-nr-15.01-001-745x1024.jpg\" alt=\"\" class=\"wp-image-4634\" srcset=\"https:\/\/swmikolaj.org\/wp-content\/uploads\/2020\/06\/Miko\u0142aj-nr-15.01-001-745x1024.jpg 745w, https:\/\/swmikolaj.org\/wp-content\/uploads\/2020\/06\/Miko\u0142aj-nr-15.01-001-218x300.jpg 218w, https:\/\/swmikolaj.org\/wp-content\/uploads\/2020\/06\/Miko\u0142aj-nr-15.01-001-768x1056.jpg 768w, https:\/\/swmikolaj.org\/wp-content\/uploads\/2020\/06\/Miko\u0142aj-nr-15.01-001-1117x1536.jpg 1117w, https:\/\/swmikolaj.org\/wp-content\/uploads\/2020\/06\/Miko\u0142aj-nr-15.01-001-1489x2048.jpg 1489w, https:\/\/swmikolaj.org\/wp-content\/uploads\/2020\/06\/Miko\u0142aj-nr-15.01-001-676x930.jpg 676w, https:\/\/swmikolaj.org\/wp-content\/uploads\/2020\/06\/Miko\u0142aj-nr-15.01-001.jpg 1700w\" sizes=\"(max-width: 745px) 100vw, 745px\" \/><\/a><figcaption>Nr 15 &#8211; pa\u017adziernik 2014 Pielgrzymowanie<\/figcaption><\/figure>\n\n\n\n<figure class=\"wp-block-image size-large\"><a href=\"https:\/\/drive.google.com\/file\/d\/1NShELRBe8dc9_D_X7W67FPCKdAuBezDL\/view?usp=sharing\" target=\"_blank\" rel=\"noopener noreferrer\"><img decoding=\"async\" loading=\"lazy\" width=\"745\" height=\"1024\" src=\"https:\/\/swmikolaj.org\/wp-content\/uploads\/2020\/06\/Miko\u0142aj-nr-18.01-001-745x1024.jpg\" alt=\"\" class=\"wp-image-4641\" srcset=\"https:\/\/swmikolaj.org\/wp-content\/uploads\/2020\/06\/Miko\u0142aj-nr-18.01-001-745x1024.jpg 745w, https:\/\/swmikolaj.org\/wp-content\/uploads\/2020\/06\/Miko\u0142aj-nr-18.01-001-218x300.jpg 218w, https:\/\/swmikolaj.org\/wp-content\/uploads\/2020\/06\/Miko\u0142aj-nr-18.01-001-768x1056.jpg 768w, https:\/\/swmikolaj.org\/wp-content\/uploads\/2020\/06\/Miko\u0142aj-nr-18.01-001-1117x1536.jpg 1117w, https:\/\/swmikolaj.org\/wp-content\/uploads\/2020\/06\/Miko\u0142aj-nr-18.01-001-1489x2048.jpg 1489w, https:\/\/swmikolaj.org\/wp-content\/uploads\/2020\/06\/Miko\u0142aj-nr-18.01-001-676x930.jpg 676w, https:\/\/swmikolaj.org\/wp-content\/uploads\/2020\/06\/Miko\u0142aj-nr-18.01-001.jpg 1700w\" sizes=\"(max-width: 745px) 100vw, 745px\" \/><\/a><figcaption>Nr 18 &#8211; maj 2015 <br>\u015awi\u0119towanie<\/figcaption><\/figure>\n\n\n\n<figure class=\"wp-block-image size-large\"><a href=\"https:\/\/drive.google.com\/file\/d\/1EsDIZH47M-fJJpEgpSoYgiGnd67zos0V\/view?usp=sharing\" target=\"_blank\" rel=\"noopener noreferrer\"><img decoding=\"async\" loading=\"lazy\" width=\"745\" height=\"1024\" src=\"https:\/\/swmikolaj.org\/wp-content\/uploads\/2020\/06\/Miko\u0142aj-nr-21.01-001-745x1024.jpg\" alt=\"\" class=\"wp-image-4647\" srcset=\"https:\/\/swmikolaj.org\/wp-content\/uploads\/2020\/06\/Miko\u0142aj-nr-21.01-001-745x1024.jpg 745w, https:\/\/swmikolaj.org\/wp-content\/uploads\/2020\/06\/Miko\u0142aj-nr-21.01-001-218x300.jpg 218w, https:\/\/swmikolaj.org\/wp-content\/uploads\/2020\/06\/Miko\u0142aj-nr-21.01-001-768x1056.jpg 768w, https:\/\/swmikolaj.org\/wp-content\/uploads\/2020\/06\/Miko\u0142aj-nr-21.01-001-1117x1536.jpg 1117w, https:\/\/swmikolaj.org\/wp-content\/uploads\/2020\/06\/Miko\u0142aj-nr-21.01-001-1489x2048.jpg 1489w, https:\/\/swmikolaj.org\/wp-content\/uploads\/2020\/06\/Miko\u0142aj-nr-21.01-001-676x930.jpg 676w, https:\/\/swmikolaj.org\/wp-content\/uploads\/2020\/06\/Miko\u0142aj-nr-21.01-001.jpg 1700w\" sizes=\"(max-width: 745px) 100vw, 745px\" \/><\/a><figcaption>Nr 21 &#8211; grudzie\u0144 2015 Ojcostwo<\/figcaption><\/figure>\n\n\n\n<figure class=\"wp-block-image size-large\"><a href=\"https:\/\/drive.google.com\/file\/d\/1xqDeXRdYTLO-RdH89c1xbQKepxTRezGv\/view?usp=sharing\" target=\"_blank\" rel=\"noopener noreferrer\"><img decoding=\"async\" loading=\"lazy\" width=\"745\" height=\"1024\" src=\"https:\/\/swmikolaj.org\/wp-content\/uploads\/2020\/04\/Miko\u0142aj-nr-24.01-001-745x1024.jpg\" alt=\"\" class=\"wp-image-3796\" srcset=\"https:\/\/swmikolaj.org\/wp-content\/uploads\/2020\/04\/Miko\u0142aj-nr-24.01-001-745x1024.jpg 745w, https:\/\/swmikolaj.org\/wp-content\/uploads\/2020\/04\/Miko\u0142aj-nr-24.01-001-218x300.jpg 218w, https:\/\/swmikolaj.org\/wp-content\/uploads\/2020\/04\/Miko\u0142aj-nr-24.01-001-768x1056.jpg 768w, https:\/\/swmikolaj.org\/wp-content\/uploads\/2020\/04\/Miko\u0142aj-nr-24.01-001-1117x1536.jpg 1117w, https:\/\/swmikolaj.org\/wp-content\/uploads\/2020\/04\/Miko\u0142aj-nr-24.01-001-1489x2048.jpg 1489w, https:\/\/swmikolaj.org\/wp-content\/uploads\/2020\/04\/Miko\u0142aj-nr-24.01-001-676x930.jpg 676w, https:\/\/swmikolaj.org\/wp-content\/uploads\/2020\/04\/Miko\u0142aj-nr-24.01-001-scaled.jpg 1861w\" sizes=\"(max-width: 745px) 100vw, 745px\" \/><\/a><figcaption>Nr 24 &#8211; listopad 2016<br>Co pozosta\u0142o po \u015awiatowych Dniach M\u0142odzie\u017cy w Chyloni?<\/figcaption><\/figure>\n<\/div>\n<\/div>\n\n\n\n<p class=\"has-text-align-center\"><strong>W sk\u0142ad redakcji wchodzili:<\/strong><\/p>\n\n\n\n<p class=\"has-text-color has-text-align-center has-dark-gray-color\">Aneta Batko,<br>Anna Chojnowska (sekretarz redakcji),<br>Micha\u0142 Chojnowski,<br>Anna Kudlik-Hinca,<br>Anna Laskowska (grafik),<br>Gra\u017cyna Napiera\u0142a,<br>Roman Repe\u0107 (redaktor naczelny),<br>Joanna Rogalska,<br>Agnieszka Sobczak,<br>ks. Jacek Socha,<br>Zygmunt Zmuda-Trzebiatowski,<br>Justyna Wr\u00f3blewska.<\/p>\n\n\n\n<p>W czerwcu 2018 r. przenie\u015bli\u015bmy nasz\u0105 dzia\u0142alno\u015b\u0107 do Internetu, \u00a0tworz\u0105c diakoni\u0119 medialn\u0105 <a href=\"http:\/\/swmikolaj.org\/index.php\/glos-mikolaja\/\">&#8222;G\u0142os Miko\u0142aja&#8221;<\/a> i  zaj\u0119li\u015bmy si\u0119 produkcj\u0105 film\u00f3w, kt\u00f3re\u00a0prezentuj\u0105 \u017cycie naszej parafii oraz transmisjami Mszy \u015awi\u0119tych.<\/p>\n","protected":false},"excerpt":{"rendered":"<p>W latach 2012-2017 wydali\u015bmy w sumie 25 numer\u00f3w czasopisma &#8222;Miko\u0142aj&#8221;. Ka\u017cdemu przy\u015bwieca\u0142 jaki\u015b temat przewodni: W sk\u0142ad redakcji wchodzili: Aneta Batko,Anna Chojnowska (sekretarz redakcji),Micha\u0142 Chojnowski,Anna Kudlik-Hinca,Anna Laskowska (grafik),Gra\u017cyna Napiera\u0142a,Roman Repe\u0107 (redaktor naczelny),Joanna Rogalska,Agnieszka Sobczak,ks. Jacek Socha,Zygmunt Zmuda-Trzebiatowski,Justyna Wr\u00f3blewska. W czerwcu 2018 r. przenie\u015bli\u015bmy nasz\u0105 dzia\u0142alno\u015b\u0107 do Internetu, \u00a0tworz\u0105c diakoni\u0119 medialn\u0105 &#8222;G\u0142os Miko\u0142aja&#8221; i zaj\u0119li\u015bmy si\u0119 [&hellip;]<\/p>\n","protected":false},"author":3,"featured_media":0,"parent":0,"menu_order":0,"comment_status":"closed","ping_status":"closed","template":"","meta":{"footnotes":""},"publishpress_future_action":{"enabled":false,"date":"1970-01-01 01:00:00","action":"","terms":[],"taxonomy":"","browser_timezone_offset":0},"_links":{"self":[{"href":"https:\/\/swmikolaj.org\/index.php\/wp-json\/wp\/v2\/pages\/3540"}],"collection":[{"href":"https:\/\/swmikolaj.org\/index.php\/wp-json\/wp\/v2\/pages"}],"about":[{"href":"https:\/\/swmikolaj.org\/index.php\/wp-json\/wp\/v2\/types\/page"}],"author":[{"embeddable":true,"href":"https:\/\/swmikolaj.org\/index.php\/wp-json\/wp\/v2\/users\/3"}],"replies":[{"embeddable":true,"href":"https:\/\/swmikolaj.org\/index.php\/wp-json\/wp\/v2\/comments?post=3540"}],"version-history":[{"count":93,"href":"https:\/\/swmikolaj.org\/index.php\/wp-json\/wp\/v2\/pages\/3540\/revisions"}],"predecessor-version":[{"id":4744,"href":"https:\/\/swmikolaj.org\/index.php\/wp-json\/wp\/v2\/pages\/3540\/revisions\/4744"}],"wp:attachment":[{"href":"https:\/\/swmikolaj.org\/index.php\/wp-json\/wp\/v2\/media?parent=3540"}],"curies":[{"name":"wp","href":"https:\/\/api.w.org\/{rel}","templated":true}]}}